{"id":8,"date":"2017-06-01T09:35:21","date_gmt":"2017-06-01T09:35:21","guid":{"rendered":"http:\/\/junkers-stuttgart.de\/?page_id=8"},"modified":"2025-04-25T11:25:08","modified_gmt":"2025-04-25T09:25:08","slug":"home","status":"publish","type":"page","link":"https:\/\/pfaff-meister.de\/?page_id=8","title":{"rendered":"\u00dcber uns"},"content":{"rendered":"\n<h2 class=\"wp-block-heading has-text-align-center has-white-color has-vivid-cyan-blue-background-color has-text-color has-background has-medium-font-size\">Herzlich Willkommen auf unserer Homepage!<\/h2>\n\n\n<div class=\"wp-block-image is-style-rounded\">\n<figure class=\"aligncenter size-full is-resized\"><a href=\"https:\/\/pfaff-meister.de\/wp-content\/uploads\/2025\/01\/Florian-und-Sabine-Pfaff-1.jpg\"><img loading=\"lazy\" decoding=\"async\" width=\"137\" height=\"166\" src=\"https:\/\/pfaff-meister.de\/wp-content\/uploads\/2025\/01\/Florian-und-Sabine-Pfaff-1.jpg\" alt=\"\" class=\"wp-image-1631\" style=\"aspect-ratio:1.3312883435582823;width:112px;height:auto\"\/><\/a><figcaption class=\"wp-element-caption\">Florian Pfaff <br>und<br>Sabine Pfaff<\/figcaption><\/figure>\n<\/div>\n\n\n<p class=\"has-text-align-center has-white-color has-light-green-cyan-background-color has-text-color has-background\" style=\"font-size:24px\"><strong><span class=\"has-inline-color has-black-color\">Wir vereinbaren gerne einen Termin in unserem Haus!<br>Bitte melden Sie sich unbedingt immer vorher telefonisch an.<\/span><\/strong><\/p>\n\n\n\n<figure class=\"wp-block-image size-large\"><a href=\"https:\/\/pfaff-meister.de\/wp-content\/uploads\/2022\/10\/oeffnungszeiten-Pfaff-Gas-Technik.jpg\"><img loading=\"lazy\" decoding=\"async\" width=\"1024\" height=\"511\" src=\"https:\/\/pfaff-meister.de\/wp-content\/uploads\/2022\/10\/oeffnungszeiten-Pfaff-Gas-Technik-1024x511.jpg\" alt=\"\" class=\"wp-image-1566\" srcset=\"https:\/\/pfaff-meister.de\/wp-content\/uploads\/2022\/10\/oeffnungszeiten-Pfaff-Gas-Technik-1024x511.jpg 1024w, https:\/\/pfaff-meister.de\/wp-content\/uploads\/2022\/10\/oeffnungszeiten-Pfaff-Gas-Technik-300x150.jpg 300w, https:\/\/pfaff-meister.de\/wp-content\/uploads\/2022\/10\/oeffnungszeiten-Pfaff-Gas-Technik-768x383.jpg 768w, https:\/\/pfaff-meister.de\/wp-content\/uploads\/2022\/10\/oeffnungszeiten-Pfaff-Gas-Technik.jpg 1061w\" sizes=\"auto, (max-width: 1024px) 100vw, 1024px\" \/><\/a><\/figure>\n\n\n\n<p><\/p>\n\n\n<div class=\"wp-block-image\">\n<figure class=\"aligncenter size-large\"><a href=\"https:\/\/pfaff-meister.de\/wp-content\/uploads\/2021\/05\/0_Anzeige2B_Wochenblatt_2021_Pfaff_Backnang-scaled.jpg\"><img loading=\"lazy\" decoding=\"async\" width=\"1024\" height=\"680\" src=\"https:\/\/pfaff-meister.de\/wp-content\/uploads\/2021\/05\/0_Anzeige2B_Wochenblatt_2021_Pfaff_Backnang-1024x680.jpg\" alt=\"\" class=\"wp-image-1278\" srcset=\"https:\/\/pfaff-meister.de\/wp-content\/uploads\/2021\/05\/0_Anzeige2B_Wochenblatt_2021_Pfaff_Backnang-1024x680.jpg 1024w, https:\/\/pfaff-meister.de\/wp-content\/uploads\/2021\/05\/0_Anzeige2B_Wochenblatt_2021_Pfaff_Backnang-300x199.jpg 300w, https:\/\/pfaff-meister.de\/wp-content\/uploads\/2021\/05\/0_Anzeige2B_Wochenblatt_2021_Pfaff_Backnang-768x510.jpg 768w, https:\/\/pfaff-meister.de\/wp-content\/uploads\/2021\/05\/0_Anzeige2B_Wochenblatt_2021_Pfaff_Backnang-1536x1019.jpg 1536w, https:\/\/pfaff-meister.de\/wp-content\/uploads\/2021\/05\/0_Anzeige2B_Wochenblatt_2021_Pfaff_Backnang-2048x1359.jpg 2048w\" sizes=\"auto, (max-width: 1024px) 100vw, 1024px\" \/><\/a><figcaption class=\"wp-element-caption\"><strong>Den NOTDIENST bieten wir aus Personalmangel nicht mehr an!<\/strong><\/figcaption><\/figure>\n<\/div>\n\n\n<figure class=\"wp-block-table is-style-regular\"><table class=\"has-background\" style=\"background-color:#e7f5fe\"><tbody><tr><td>F\u00fcr die&nbsp;<strong>technische Beratung<\/strong>&nbsp;k\u00f6nnen Sie mich (Florian Pfaff) pers\u00f6nlich i.d.R. von&nbsp;<strong>Montag bis Freitag<\/strong>&nbsp;jeweils&nbsp;<strong>von 7:30 Uhr bis 9:00 Uhr<\/strong>&nbsp;telefonisch unter:&nbsp;<strong>07191-220630<\/strong>&nbsp;oder&nbsp;<strong>0711-812959<\/strong>&nbsp;erreichen. Au\u00dferhalb dieser Zeit bin ich im Au\u00dfendienst unterwegs.<\/td><\/tr><\/tbody><\/table><\/figure>\n\n\n<div class=\"wp-block-image\">\n<figure class=\"aligncenter is-resized\"><img loading=\"lazy\" decoding=\"async\" width=\"699\" height=\"600\" src=\"http:\/\/pfaff-meister.de\/wp-content\/uploads\/2019\/05\/LOGO_SHK_Beratung_Qualit\u00e4t_Know_how_Pfaff_Backnang.jpg\" alt=\"\" class=\"wp-image-495\" style=\"width:699px;height:600px\" srcset=\"https:\/\/pfaff-meister.de\/wp-content\/uploads\/2019\/05\/LOGO_SHK_Beratung_Qualit\u00e4t_Know_how_Pfaff_Backnang.jpg 699w, https:\/\/pfaff-meister.de\/wp-content\/uploads\/2019\/05\/LOGO_SHK_Beratung_Qualit\u00e4t_Know_how_Pfaff_Backnang-300x258.jpg 300w\" sizes=\"auto, (max-width: 699px) 100vw, 699px\" \/><\/figure>\n<\/div>\n\n<div class=\"wp-block-image\">\n<figure class=\"aligncenter size-large is-resized\"><img loading=\"lazy\" decoding=\"async\" width=\"880\" height=\"842\" src=\"http:\/\/pfaff-meister.de\/wp-content\/uploads\/2020\/04\/Wir_gehen_auf_Distanz_Pfaff_Backnang.jpg\" alt=\"\" class=\"wp-image-775\" style=\"width:440px;height:421px\" srcset=\"https:\/\/pfaff-meister.de\/wp-content\/uploads\/2020\/04\/Wir_gehen_auf_Distanz_Pfaff_Backnang.jpg 880w, https:\/\/pfaff-meister.de\/wp-content\/uploads\/2020\/04\/Wir_gehen_auf_Distanz_Pfaff_Backnang-300x287.jpg 300w, https:\/\/pfaff-meister.de\/wp-content\/uploads\/2020\/04\/Wir_gehen_auf_Distanz_Pfaff_Backnang-768x735.jpg 768w\" sizes=\"auto, (max-width: 880px) 100vw, 880px\" \/><\/figure>\n<\/div>\n\n<div class=\"wp-block-image\">\n<figure class=\"aligncenter is-resized\"><img loading=\"lazy\" decoding=\"async\" width=\"300\" height=\"193\" src=\"http:\/\/pfaff-meister.de\/wp-content\/uploads\/2019\/05\/Handwerkermarke_SHK_Pfaff_Backnang.jpg\" alt=\"\" class=\"wp-image-476\" style=\"width:300px;height:193px\"\/><\/figure>\n<\/div>\n\n<div class=\"wp-block-image\">\n<figure class=\"aligncenter is-resized\"><img loading=\"lazy\" decoding=\"async\" width=\"300\" height=\"75\" src=\"http:\/\/pfaff-meister.de\/wp-content\/uploads\/2019\/05\/Das_Handwerk_Pfaff_Backnang.jpg\" alt=\"\" class=\"wp-image-506\" style=\"width:300px;height:75px\"\/><\/figure>\n<\/div>\n\n\n<p class=\"has-text-align-center\"><strong><span class=\"has-inline-color has-luminous-vivid-amber-color\">1986 &#8211; 2020<br>Seit \u00fcber 34 Jahre<br>im Zeichen f\u00fcr<br>Leistung, Qualit\u00e4t<br>und Zuverl\u00e4ssigkeit<\/span><\/strong><\/p>\n\n\n\n<p class=\"has-text-align-center\"><strong><span class=\"has-inline-color has-vivid-purple-color\">1986<br>Firmengr\u00fcndung Fa. ALLGAS-Gasger\u00e4te-Service GmbH durch Gesch\u00e4ftsf\u00fchrer \u2020 Manfred Pfaff \u2020 und Kompagnon&nbsp;<br>in Burgstetten und Stuttgart-Feuerbach.<\/span><\/strong><\/p>\n\n\n\n<p class=\"has-text-align-center\"><strong><span class=\"has-inline-color has-vivid-red-color\">2002<br>Verlegung des Firmensitzes nach Backnang und Umbenennung des Namens sowie \u00dcbergabe an Andreas Pfaff.<\/span><\/strong><\/p>\n\n\n\n<p class=\"has-text-align-center\"><strong><span class=\"has-inline-color has-luminous-vivid-orange-color\">2006<br>Im Oktober Er\u00f6ffnung des ETS (Ersatzteilservice) in Stuttgart-Steinhaldenfeld<\/span><br><\/strong><br><strong><span class=\"has-inline-color has-vivid-green-cyan-color\">2007<br>Zu den Gas- und Wasser-Installateuren kommt ein Verkaufsbeauftragter im Innen- und Au\u00dfendienst hinzu<\/span>.<br><\/strong><br><strong>2011<br>Im Oktober Einweihung des Firmen-Neubaus mit gleichzeitiger Feier des 25j\u00e4hrigen Jubil\u00e4ums und Tag der offenen T\u00fcr.<br><\/strong><br>2016<br><strong><span class=\"has-inline-color has-vivid-cyan-blue-color\">Sohn Florian beginnt die 3-j\u00e4hriges Berufskolleg zum SHK-Anlagenmechaniker.<br>Der Ausbildungsort Hauptsitz Backnang bzw. Robert-Mayer-Schule in Stuttgart.<\/span><\/strong><\/p>\n\n\n\n<p class=\"has-text-align-center\"><strong><span class=\"has-inline-color has-vivid-green-cyan-color\">2019<br>Sohn Florian hat die Ausbildung zum SHK-Anlagenmechaniker erfolgreich absolviert und ist nun auch als Kundendienst-Service-Techniker eingeteilt.<\/span><\/strong><\/p>\n\n\n\n<p class=\"has-text-align-center\"><strong><mark style=\"background-color:rgba(0, 0, 0, 0)\" class=\"has-inline-color has-vivid-red-color\">2020<br>Corona Pandemie schr\u00e4nkt den pers\u00f6nlichen Kontakt stark ein.<br>Die Auftragslage in unserem Gewerk ist gut und bleibt weiterhin unver\u00e4ndert.<\/mark><\/strong><\/p>\n\n\n\n<p class=\"has-text-align-center\"><strong>2021 <\/strong><\/p>\n\n\n\n<p class=\"has-text-align-center\"><strong>Gesch\u00e4ftsf\u00fchrer und Inhaber Andreas Pfaff erkrankt schwer und f\u00e4llt aus. Florian und Sabine f\u00fchren im Auftrag den SHK-Fachbetrieb weiter.<\/strong><\/p>\n\n\n\n<p class=\"has-text-align-center has-vivid-cyan-blue-color has-text-color\">2022<\/p>\n\n\n\n<p class=\"has-text-align-center has-vivid-cyan-blue-color has-text-color\">Sie alle lesen und erleben die extremen Auswirkungen der weltweiten Materialengp\u00e4sse in der Automobilindustrie und anderen angrenzenden Branchen. <\/p>\n\n\n\n<p class=\"has-text-align-center has-vivid-cyan-blue-color has-text-color\">Auch unsere Branche ist weltweit von extremen Lieferengp\u00e4ssen und Verz\u00f6gerungen betroffen.<\/p>\n\n\n\n<p class=\"has-text-align-center has-vivid-cyan-blue-color has-text-color\">Unsere Lieferanten sind trotz intensiver, fr\u00fchzeitiger Abstimmung nicht in der Lage, versprochene Lieferungen einzuhalten. <\/p>\n\n\n\n<p class=\"has-text-align-center has-luminous-vivid-amber-color has-text-color has-link-color wp-elements-7b84213c1bacff0e36e581dfb0452a24\"><strong>2024 <\/strong><\/p>\n\n\n\n<p class=\"has-text-align-center has-luminous-vivid-amber-color has-text-color has-link-color wp-elements-c5abcc968ca98ec049866aa1e1004767\"><strong>Unser sehr guter langj\u00e4hriger Mitarbeiter Herr A. Weber geht in den wohl verdienten Ruhestand. <\/strong><\/p>\n\n\n\n<p class=\"has-text-align-center has-luminous-vivid-amber-color has-text-color has-link-color wp-elements-94b714f9e267f429a5f6ffd8a175792b\"><strong>Der Ersatzteilladen in Stuttgart Steinhaldenfeld wurde wegen dem Fachkr\u00e4ftemangel anfangs Juni f\u00fcr immer geschlossen. Ersatzteil erhalten Sie weiterhin aber nur mit Terminabsprache in Backnang.<\/strong><\/p>\n\n\n\n<p class=\"has-text-align-center has-luminous-vivid-orange-color has-text-color has-link-color wp-elements-fcae81141a4e2cd8bbd5dbfad09e2d01\"><strong>Herzlichen Gl\u00fcckwunsch <\/strong><\/p>\n\n\n\n<p class=\"has-text-align-center has-luminous-vivid-orange-color has-text-color has-link-color wp-elements-66cf1bf25f8ab0a9a4e067a847cc53b8\"><strong>Florian Pfaff hat seinen Meistertitel erhalten. Hierzu w\u00fcnschen wir Ihm alles erdenklich gute auf seinem weiteren Berufsweg als zuk\u00fcnftiger Nachfolger.<\/strong><\/p>\n\n\n\n<p class=\"has-text-align-center has-vivid-red-color has-text-color has-link-color wp-elements-eeb0413e6fed51241c1c9523296cf150\"><strong>2025<\/strong><\/p>\n\n\n\n<p><\/p>\n\n\n\n<p class=\"has-text-align-center has-vivid-red-color has-text-color has-link-color wp-elements-a67b94b95c64146d076de2c5b3ad1fff\"><strong>Gesch\u00e4ftsf\u00fchrer Andreas Pfaff scheidet am 31. M\u00e4rz 2025, nach ca. 25 Jahren aus und \u00fcbergibt die   Firma PFAFF-GAS-TECHNIK GmbH an seinen Sohn Florian Pfaff, der ab dem 01. April 2025 als neuer Gesch\u00e4ftsf\u00fchrer und alleiniger Gesellschafter die Leitung und Verantwortung \u00fcbernimmt.  <\/strong><\/p>\n\n\n\n<p class=\"has-text-align-center has-vivid-red-color has-text-color has-link-color wp-elements-be0be3516ee4dfe974b7433047ff1e25\"><strong>Wir sind weiterhin auf der suche nach SHK-Fachkr\u00e4fte!<\/strong><\/p>\n\n\n\n<figure class=\"wp-block-gallery has-nested-images columns-default is-cropped wp-block-gallery-1 is-layout-flex wp-block-gallery-is-layout-flex\">\n<figure class=\"wp-block-image size-large\"><img loading=\"lazy\" decoding=\"async\" width=\"300\" height=\"225\" data-id=\"512\" src=\"http:\/\/pfaff-meister.de\/wp-content\/uploads\/2019\/05\/haller-meurer_KD-BUS_Pfaff_Backnang-1.jpg\" alt=\"\" class=\"wp-image-512\"\/><\/figure>\n\n\n\n<figure class=\"wp-block-image size-large\"><img loading=\"lazy\" decoding=\"async\" width=\"1024\" height=\"768\" data-id=\"513\" src=\"http:\/\/pfaff-meister.de\/wp-content\/uploads\/2019\/05\/DSC00288-1-1024x768.jpg\" alt=\"\" class=\"wp-image-513\" srcset=\"https:\/\/pfaff-meister.de\/wp-content\/uploads\/2019\/05\/DSC00288-1-1024x768.jpg 1024w, https:\/\/pfaff-meister.de\/wp-content\/uploads\/2019\/05\/DSC00288-1-300x225.jpg 300w, https:\/\/pfaff-meister.de\/wp-content\/uploads\/2019\/05\/DSC00288-1-768x576.jpg 768w\" sizes=\"auto, (max-width: 1024px) 100vw, 1024px\" \/><\/figure>\n<\/figure>\n\n\n<div class=\"wp-block-image\">\n<figure class=\"aligncenter size-large\"><img loading=\"lazy\" decoding=\"async\" width=\"169\" height=\"112\" src=\"http:\/\/pfaff-meister.de\/wp-content\/uploads\/2020\/10\/Emblem_EnBW_Energiegemeinschaft_Pfaff_Backnang-1.jpg\" alt=\"\" class=\"wp-image-827\"\/><\/figure>\n<\/div>\n\n<div class=\"wp-block-image\">\n<figure class=\"aligncenter size-large\"><img loading=\"lazy\" decoding=\"async\" width=\"386\" height=\"131\" src=\"http:\/\/pfaff-meister.de\/wp-content\/uploads\/2020\/10\/Gas_Gemeinschaft_Baden_Wuerttemberg_eV_Pfaff_Backnang.jpg\" alt=\"\" class=\"wp-image-828\" srcset=\"https:\/\/pfaff-meister.de\/wp-content\/uploads\/2020\/10\/Gas_Gemeinschaft_Baden_Wuerttemberg_eV_Pfaff_Backnang.jpg 386w, https:\/\/pfaff-meister.de\/wp-content\/uploads\/2020\/10\/Gas_Gemeinschaft_Baden_Wuerttemberg_eV_Pfaff_Backnang-300x102.jpg 300w\" sizes=\"auto, (max-width: 386px) 100vw, 386px\" \/><\/figure>\n<\/div>\n\n<div class=\"wp-block-image\">\n<figure class=\"aligncenter size-large is-resized\"><img loading=\"lazy\" decoding=\"async\" width=\"1024\" height=\"770\" src=\"http:\/\/pfaff-meister.de\/wp-content\/uploads\/2020\/10\/Schild_Gasgemeinschaft_Stuttgart_Pfaff_Backnang-1024x770.jpg\" alt=\"\" class=\"wp-image-829\" style=\"width:256px;height:193px\" srcset=\"https:\/\/pfaff-meister.de\/wp-content\/uploads\/2020\/10\/Schild_Gasgemeinschaft_Stuttgart_Pfaff_Backnang-1024x770.jpg 1024w, https:\/\/pfaff-meister.de\/wp-content\/uploads\/2020\/10\/Schild_Gasgemeinschaft_Stuttgart_Pfaff_Backnang-300x226.jpg 300w, https:\/\/pfaff-meister.de\/wp-content\/uploads\/2020\/10\/Schild_Gasgemeinschaft_Stuttgart_Pfaff_Backnang-768x578.jpg 768w, https:\/\/pfaff-meister.de\/wp-content\/uploads\/2020\/10\/Schild_Gasgemeinschaft_Stuttgart_Pfaff_Backnang.jpg 1125w\" sizes=\"auto, (max-width: 1024px) 100vw, 1024px\" \/><\/figure>\n<\/div>\n\n\n<p><\/p>\n\n\n\n<figure class=\"wp-block-image size-large\"><a href=\"https:\/\/pfaff-meister.de\/web\/wp-content\/uploads\/2021\/04\/Logo2_Pfaff_Meister_Backnang.jpg-1.png\"><img loading=\"lazy\" decoding=\"async\" width=\"696\" height=\"468\" src=\"https:\/\/pfaff-meister.de\/wp-content\/uploads\/2021\/04\/Logo2_Pfaff_Meister_Backnang.jpg-1.png\" alt=\"\" class=\"wp-image-1255\" srcset=\"https:\/\/pfaff-meister.de\/wp-content\/uploads\/2021\/04\/Logo2_Pfaff_Meister_Backnang.jpg-1.png 696w, https:\/\/pfaff-meister.de\/wp-content\/uploads\/2021\/04\/Logo2_Pfaff_Meister_Backnang.jpg-1-300x202.png 300w\" sizes=\"auto, (max-width: 696px) 100vw, 696px\" \/><\/a><\/figure>\n\n\n\n<p><\/p>\n","protected":false},"excerpt":{"rendered":"<p>Herzlich Willkommen auf unserer Homepage! Wir vereinbaren gerne einen Termin in unserem Haus!Bitte melden Sie sich unbedingt immer vorher telefonisch an. F\u00fcr die&nbsp;technische Beratung&nbsp;k\u00f6nnen Sie mich (Florian Pfaff) pers\u00f6nlich i.d.R. von&nbsp;Montag bis Freitag&nbsp;jeweils&nbsp;von 7:30 Uhr bis 9:00 Uhr&nbsp;telefonisch unter:&nbsp;07191-220630&nbsp;oder&nbsp;0711-812959&nbsp;erreichen. Au\u00dferhalb dieser Zeit bin ich im Au\u00dfendienst unterwegs. 1986 &#8211; 2020Seit \u00fcber 34 Jahreim Zeichen f\u00fcrLeistung, Qualit\u00e4tund Zuverl\u00e4ssigkeit 1986Firmengr\u00fcndung Fa. ALLGAS-Gasger\u00e4te-Service GmbH durch Gesch\u00e4ftsf\u00fchrer \u2020 Manfred Pfaff \u2020 und Kompagnon&nbsp;in Burgstetten und Stuttgart-Feuerbach. 2002Verlegung des Firmensitzes nach Backnang und Umbenennung des Namens sowie \u00dcbergabe an Andreas Pfaff. 2006Im Oktober Er\u00f6ffnung des ETS (Ersatzteilservice) in Stuttgart-Steinhaldenfeld2007Zu den Gas- und Wasser-Installateuren kommt ein&#8230; <\/p>\n","protected":false},"author":2,"featured_media":0,"parent":0,"menu_order":0,"comment_status":"closed","ping_status":"closed","template":"","meta":{"footnotes":""},"class_list":["post-8","page","type-page","status-publish","hentry"],"_links":{"self":[{"href":"https:\/\/pfaff-meister.de\/index.php?rest_route=\/wp\/v2\/pages\/8","targetHints":{"allow":["GET"]}}],"collection":[{"href":"https:\/\/pfaff-meister.de\/index.php?rest_route=\/wp\/v2\/pages"}],"about":[{"href":"https:\/\/pfaff-meister.de\/index.php?rest_route=\/wp\/v2\/types\/page"}],"author":[{"embeddable":true,"href":"https:\/\/pfaff-meister.de\/index.php?rest_route=\/wp\/v2\/users\/2"}],"replies":[{"embeddable":true,"href":"https:\/\/pfaff-meister.de\/index.php?rest_route=%2Fwp%2Fv2%2Fcomments&post=8"}],"version-history":[{"count":365,"href":"https:\/\/pfaff-meister.de\/index.php?rest_route=\/wp\/v2\/pages\/8\/revisions"}],"predecessor-version":[{"id":1643,"href":"https:\/\/pfaff-meister.de\/index.php?rest_route=\/wp\/v2\/pages\/8\/revisions\/1643"}],"wp:attachment":[{"href":"https:\/\/pfaff-meister.de\/index.php?rest_route=%2Fwp%2Fv2%2Fmedia&parent=8"}],"curies":[{"name":"wp","href":"https:\/\/api.w.org\/{rel}","templated":true}]}}